{"id":309,"date":"2019-10-16T12:20:22","date_gmt":"2019-10-16T11:20:22","guid":{"rendered":"http:\/\/modrysalon.cz\/?page_id=309"},"modified":"2024-06-03T21:56:05","modified_gmt":"2024-06-03T20:56:05","slug":"o-nas","status":"publish","type":"page","link":"https:\/\/modrysalon.cz\/aktualne\/","title":{"rendered":"O N\u00c1S"},"content":{"rendered":"\n<h6 class=\"wp-block-heading\"><a href=\"http:\/\/modrysalon.cz\/wp-content\/uploads\/2017\/09\/24251474_10210582968677783_222259024_o.jpg\"><\/a><\/h6>\n\n\n\n<h6 class=\"wp-block-heading\">V\u00edt\u00e1me v\u00e1s na str\u00e1nk\u00e1ch na\u0161eho salonu, kter\u00fd pro v\u00e1s funguje ji\u017e od 7. \u010dervence 1998. Nach\u00e1z\u00edme se kousek od centra Jablonce nad Nisou v <a rel=\"noreferrer noopener\" href=\"https:\/\/www.google.cz\/maps\/place\/Ji%C5%BEn%C3%AD+251,+Kokon%C3%ADn,+468+01+Jablonec+nad+Nisou\/@50.7040478,15.1816162,17z\/data=!3m1!4b1!4m5!3m4!1s0x470eca968c393721:0xa314afd611705990!8m2!3d50.7040478!4d15.1838049\" target=\"_blank\">Kokon\u00edn\u011b (Ji\u017en\u00ed 251, 468 01, Jablonec nad Nisou)<\/a>, parkov\u00e1n\u00ed p\u0159\u00edmo u domu.<\/h6>\n\n\n\n<figure class=\"wp-block-image size-large\"><img loading=\"lazy\" decoding=\"async\" width=\"1024\" height=\"475\" src=\"https:\/\/modrysalon.cz\/wp-content\/uploads\/2024\/06\/kaukaampIva-76-1024x475.jpg\" alt=\"\" class=\"wp-image-514\" srcset=\"https:\/\/modrysalon.cz\/wp-content\/uploads\/2024\/06\/kaukaampIva-76-1024x475.jpg 1024w, https:\/\/modrysalon.cz\/wp-content\/uploads\/2024\/06\/kaukaampIva-76-300x139.jpg 300w, https:\/\/modrysalon.cz\/wp-content\/uploads\/2024\/06\/kaukaampIva-76-768x356.jpg 768w, https:\/\/modrysalon.cz\/wp-content\/uploads\/2024\/06\/kaukaampIva-76-1536x713.jpg 1536w, https:\/\/modrysalon.cz\/wp-content\/uploads\/2024\/06\/kaukaampIva-76-2048x951.jpg 2048w\" sizes=\"auto, (max-width: 1024px) 100vw, 1024px\" \/><\/figure>\n\n\n\n<h6 class=\"wp-block-heading\">Nab\u00edz\u00edme v\u00e1m kade\u0159nick\u00e9 slu\u017eby v p\u0159\u00edjemn\u00e9m dom\u00e1c\u00edm prost\u0159ed\u00ed. Krom\u011b klasick\u00fdch \u00faprav v\u00e1s tak\u00e9 p\u0159iprav\u00edme na slavnostn\u00ed ud\u00e1losti (svatby, plesy..)<\/h6>\n\n\n<div class=\"wp-block-image\">\n<figure class=\"aligncenter\"><a href=\"http:\/\/modrysalon.cz\/zakladni-informace\/kolaz_svatebni\/\"><img loading=\"lazy\" decoding=\"async\" width=\"2880\" height=\"1056\" src=\"http:\/\/modrysalon.cz\/wp-content\/uploads\/2017\/09\/kolaz_svatebni.jpg\" alt=\"\" class=\"wp-image-274\" srcset=\"https:\/\/modrysalon.cz\/wp-content\/uploads\/2017\/09\/kolaz_svatebni.jpg 2880w, https:\/\/modrysalon.cz\/wp-content\/uploads\/2017\/09\/kolaz_svatebni-300x110.jpg 300w, https:\/\/modrysalon.cz\/wp-content\/uploads\/2017\/09\/kolaz_svatebni-768x282.jpg 768w, https:\/\/modrysalon.cz\/wp-content\/uploads\/2017\/09\/kolaz_svatebni-1024x375.jpg 1024w\" sizes=\"auto, (max-width: 2880px) 100vw, 2880px\" \/><\/a><\/figure>\n<\/div>\n\n\n<h6 class=\"wp-block-heading\">Pracujeme s materi\u00e1ly zna\u010dky Previa, pH a profesion\u00e1ln\u00ed \u0159adou SP Wella. V\u00fdrobky je mo\u017en\u00e9 si u n\u00e1s tak\u00e9 zakoupit. Cen\u00edk na vy\u017e\u00e1d\u00e1n\u00ed p\u0159\u00edmo v salonu.<\/h6>\n\n\n\n<figure class=\"wp-block-image\"><img loading=\"lazy\" decoding=\"async\" width=\"1024\" height=\"900\" src=\"http:\/\/modrysalon.cz\/wp-content\/uploads\/2020\/11\/126986235_211680817148597_8962850689417630410_n-1024x900.jpg\" alt=\"\" class=\"wp-image-328\" srcset=\"https:\/\/modrysalon.cz\/wp-content\/uploads\/2020\/11\/126986235_211680817148597_8962850689417630410_n-1024x900.jpg 1024w, https:\/\/modrysalon.cz\/wp-content\/uploads\/2020\/11\/126986235_211680817148597_8962850689417630410_n-300x264.jpg 300w, https:\/\/modrysalon.cz\/wp-content\/uploads\/2020\/11\/126986235_211680817148597_8962850689417630410_n-768x675.jpg 768w, https:\/\/modrysalon.cz\/wp-content\/uploads\/2020\/11\/126986235_211680817148597_8962850689417630410_n.jpg 1800w\" sizes=\"auto, (max-width: 1024px) 100vw, 1024px\" \/><\/figure>\n\n\n\n<h6 class=\"wp-block-heading\">Na\u0161e slu\u017eby se sna\u017e\u00edme zpest\u0159ovat nejr\u016fzn\u011bj\u0161\u00edmi zaj\u00edmav\u00fdmi akcemi, nap\u0159. <a href=\"https:\/\/www.facebook.com\/pg\/Kade%C5%99nictv%C3%AD-Modr%C3%BD-salon-1419723271594077\/photos\/?tab=album&amp;album_id=1610628262503576\" target=\"_blank\" rel=\"noreferrer noopener\">Prom\u011bnami<\/a>, v r\u00e1mci kter\u00fdch v\u00e1m nab\u00edz\u00edme nal\u00ed\u010den\u00ed a nafocen\u00ed zdarma. Tyto akce jsou na\u0161imi z\u00e1kazn\u00edky velmi obl\u00edben\u00e9 a v\u00fdsledky <a href=\"https:\/\/www.facebook.com\/pg\/Kade%C5%99nictv%C3%AD-Modr%C3%BD-salon-1419723271594077\/photos\/?tab=album&amp;album_id=1610628262503576\" target=\"_blank\" rel=\"noreferrer noopener\">Prom\u011bn<\/a> si m\u016f\u017eete prohl\u00e9dnout na na\u0161em <a href=\"https:\/\/www.facebook.com\/Kade%C5%99nictv%C3%AD-Modr%C3%BD-salon-1419723271594077\/\" target=\"_blank\" rel=\"noreferrer noopener\">facebookov\u00e9m profilu<\/a>.<\/h6>\n\n\n<div class=\"wp-block-image\">\n<figure class=\"aligncenter\"><a href=\"http:\/\/modrysalon.cz\/zakladni-informace\/kolaz_promeny\/\"><img loading=\"lazy\" decoding=\"async\" width=\"2880\" height=\"1180\" src=\"http:\/\/modrysalon.cz\/wp-content\/uploads\/2017\/09\/kolaz_promeny.jpg\" alt=\"\" class=\"wp-image-273\" srcset=\"https:\/\/modrysalon.cz\/wp-content\/uploads\/2017\/09\/kolaz_promeny.jpg 2880w, https:\/\/modrysalon.cz\/wp-content\/uploads\/2017\/09\/kolaz_promeny-300x123.jpg 300w, https:\/\/modrysalon.cz\/wp-content\/uploads\/2017\/09\/kolaz_promeny-768x315.jpg 768w, https:\/\/modrysalon.cz\/wp-content\/uploads\/2017\/09\/kolaz_promeny-1024x420.jpg 1024w\" sizes=\"auto, (max-width: 2880px) 100vw, 2880px\" \/><\/a><\/figure>\n<\/div>","protected":false},"excerpt":{"rendered":"<p>V\u00edt\u00e1me v\u00e1s na str\u00e1nk\u00e1ch na\u0161eho salonu, kter\u00fd pro v\u00e1s funguje ji\u017e od 7. \u010dervence 1998. Nach\u00e1z\u00edme se kousek od centra Jablonce nad Nisou v Kokon\u00edn\u011b (Ji\u017en\u00ed 251, 468 01, Jablonec nad Nisou), parkov\u00e1n\u00ed p\u0159\u00edmo u domu. Nab\u00edz\u00edme v\u00e1m kade\u0159nick\u00e9 slu\u017eby v p\u0159\u00edjemn\u00e9m dom\u00e1c\u00edm prost\u0159ed\u00ed. Krom\u011b [&hellip;]<\/p>\n","protected":false},"author":1,"featured_media":0,"parent":0,"menu_order":0,"comment_status":"closed","ping_status":"closed","template":"","meta":{"ngg_post_thumbnail":0,"footnotes":""},"class_list":["post-309","page","type-page","status-publish","hentry"],"yoast_head":"<!-- This site is optimized with the Yoast SEO plugin v26.9 - https:\/\/yoast.com\/product\/yoast-seo-wordpress\/ -->\n<title>O N\u00c1S - Modr\u00fd salon<\/title>\n<meta name=\"robots\" content=\"index, follow, max-snippet:-1, max-image-preview:large, max-video-preview:-1\" \/>\n<link rel=\"canonical\" href=\"https:\/\/modrysalon.cz\/aktualne\/\" \/>\n<meta property=\"og:locale\" content=\"cs_CZ\" \/>\n<meta property=\"og:type\" content=\"article\" \/>\n<meta property=\"og:title\" content=\"O N\u00c1S - Modr\u00fd salon\" \/>\n<meta property=\"og:description\" content=\"V\u00edt\u00e1me v\u00e1s na str\u00e1nk\u00e1ch na\u0161eho salonu, kter\u00fd pro v\u00e1s funguje ji\u017e od 7. \u010dervence 1998. Nach\u00e1z\u00edme se kousek od centra Jablonce nad Nisou v Kokon\u00edn\u011b (Ji\u017en\u00ed 251, 468 01, Jablonec nad Nisou), parkov\u00e1n\u00ed p\u0159\u00edmo u domu. Nab\u00edz\u00edme v\u00e1m kade\u0159nick\u00e9 slu\u017eby v p\u0159\u00edjemn\u00e9m dom\u00e1c\u00edm prost\u0159ed\u00ed. Krom\u011b [&hellip;]\" \/>\n<meta property=\"og:url\" content=\"https:\/\/modrysalon.cz\/aktualne\/\" \/>\n<meta property=\"og:site_name\" content=\"Modr\u00fd salon\" \/>\n<meta property=\"article:modified_time\" content=\"2024-06-03T20:56:05+00:00\" \/>\n<meta property=\"og:image\" content=\"https:\/\/modrysalon.cz\/wp-content\/uploads\/2024\/06\/kaukaampIva-76-1024x475.jpg\" \/>\n<meta name=\"twitter:card\" content=\"summary_large_image\" \/>\n<meta name=\"twitter:label1\" content=\"Odhadovan\u00e1 doba \u010dten\u00ed\" \/>\n\t<meta name=\"twitter:data1\" content=\"2 minuty\" \/>\n<script type=\"application\/ld+json\" class=\"yoast-schema-graph\">{\"@context\":\"https:\/\/schema.org\",\"@graph\":[{\"@type\":\"WebPage\",\"@id\":\"https:\/\/modrysalon.cz\/aktualne\/\",\"url\":\"https:\/\/modrysalon.cz\/aktualne\/\",\"name\":\"O N\u00c1S - Modr\u00fd salon\",\"isPartOf\":{\"@id\":\"https:\/\/modrysalon.cz\/aktualne\/#website\"},\"primaryImageOfPage\":{\"@id\":\"https:\/\/modrysalon.cz\/aktualne\/#primaryimage\"},\"image\":{\"@id\":\"https:\/\/modrysalon.cz\/aktualne\/#primaryimage\"},\"thumbnailUrl\":\"https:\/\/modrysalon.cz\/wp-content\/uploads\/2024\/06\/kaukaampIva-76-1024x475.jpg\",\"datePublished\":\"2019-10-16T11:20:22+00:00\",\"dateModified\":\"2024-06-03T20:56:05+00:00\",\"breadcrumb\":{\"@id\":\"https:\/\/modrysalon.cz\/aktualne\/#breadcrumb\"},\"inLanguage\":\"cs\",\"potentialAction\":[{\"@type\":\"ReadAction\",\"target\":[\"https:\/\/modrysalon.cz\/aktualne\/\"]}]},{\"@type\":\"ImageObject\",\"inLanguage\":\"cs\",\"@id\":\"https:\/\/modrysalon.cz\/aktualne\/#primaryimage\",\"url\":\"https:\/\/modrysalon.cz\/wp-content\/uploads\/2024\/06\/kaukaampIva-76-1024x475.jpg\",\"contentUrl\":\"https:\/\/modrysalon.cz\/wp-content\/uploads\/2024\/06\/kaukaampIva-76-1024x475.jpg\"},{\"@type\":\"BreadcrumbList\",\"@id\":\"https:\/\/modrysalon.cz\/aktualne\/#breadcrumb\",\"itemListElement\":[{\"@type\":\"ListItem\",\"position\":1,\"name\":\"Dom\u016f\",\"item\":\"https:\/\/modrysalon.cz\/aktualne\/\"},{\"@type\":\"ListItem\",\"position\":2,\"name\":\"O N\u00c1S\"}]},{\"@type\":\"WebSite\",\"@id\":\"https:\/\/modrysalon.cz\/aktualne\/#website\",\"url\":\"https:\/\/modrysalon.cz\/aktualne\/\",\"name\":\"Modr\u00fd salon\",\"description\":\"Ji\u017en\u00ed 251, Jablonec nad Nisou - Kokon\u00edn\",\"potentialAction\":[{\"@type\":\"SearchAction\",\"target\":{\"@type\":\"EntryPoint\",\"urlTemplate\":\"https:\/\/modrysalon.cz\/aktualne\/?s={search_term_string}\"},\"query-input\":{\"@type\":\"PropertyValueSpecification\",\"valueRequired\":true,\"valueName\":\"search_term_string\"}}],\"inLanguage\":\"cs\"}]}<\/script>\n<!-- \/ Yoast SEO plugin. -->","yoast_head_json":{"title":"O N\u00c1S - Modr\u00fd salon","robots":{"index":"index","follow":"follow","max-snippet":"max-snippet:-1","max-image-preview":"max-image-preview:large","max-video-preview":"max-video-preview:-1"},"canonical":"https:\/\/modrysalon.cz\/aktualne\/","og_locale":"cs_CZ","og_type":"article","og_title":"O N\u00c1S - Modr\u00fd salon","og_description":"V\u00edt\u00e1me v\u00e1s na str\u00e1nk\u00e1ch na\u0161eho salonu, kter\u00fd pro v\u00e1s funguje ji\u017e od 7. \u010dervence 1998. Nach\u00e1z\u00edme se kousek od centra Jablonce nad Nisou v Kokon\u00edn\u011b (Ji\u017en\u00ed 251, 468 01, Jablonec nad Nisou), parkov\u00e1n\u00ed p\u0159\u00edmo u domu. Nab\u00edz\u00edme v\u00e1m kade\u0159nick\u00e9 slu\u017eby v p\u0159\u00edjemn\u00e9m dom\u00e1c\u00edm prost\u0159ed\u00ed. Krom\u011b [&hellip;]","og_url":"https:\/\/modrysalon.cz\/aktualne\/","og_site_name":"Modr\u00fd salon","article_modified_time":"2024-06-03T20:56:05+00:00","og_image":[{"url":"https:\/\/modrysalon.cz\/wp-content\/uploads\/2024\/06\/kaukaampIva-76-1024x475.jpg","type":"","width":"","height":""}],"twitter_card":"summary_large_image","twitter_misc":{"Odhadovan\u00e1 doba \u010dten\u00ed":"2 minuty"},"schema":{"@context":"https:\/\/schema.org","@graph":[{"@type":"WebPage","@id":"https:\/\/modrysalon.cz\/aktualne\/","url":"https:\/\/modrysalon.cz\/aktualne\/","name":"O N\u00c1S - Modr\u00fd salon","isPartOf":{"@id":"https:\/\/modrysalon.cz\/aktualne\/#website"},"primaryImageOfPage":{"@id":"https:\/\/modrysalon.cz\/aktualne\/#primaryimage"},"image":{"@id":"https:\/\/modrysalon.cz\/aktualne\/#primaryimage"},"thumbnailUrl":"https:\/\/modrysalon.cz\/wp-content\/uploads\/2024\/06\/kaukaampIva-76-1024x475.jpg","datePublished":"2019-10-16T11:20:22+00:00","dateModified":"2024-06-03T20:56:05+00:00","breadcrumb":{"@id":"https:\/\/modrysalon.cz\/aktualne\/#breadcrumb"},"inLanguage":"cs","potentialAction":[{"@type":"ReadAction","target":["https:\/\/modrysalon.cz\/aktualne\/"]}]},{"@type":"ImageObject","inLanguage":"cs","@id":"https:\/\/modrysalon.cz\/aktualne\/#primaryimage","url":"https:\/\/modrysalon.cz\/wp-content\/uploads\/2024\/06\/kaukaampIva-76-1024x475.jpg","contentUrl":"https:\/\/modrysalon.cz\/wp-content\/uploads\/2024\/06\/kaukaampIva-76-1024x475.jpg"},{"@type":"BreadcrumbList","@id":"https:\/\/modrysalon.cz\/aktualne\/#breadcrumb","itemListElement":[{"@type":"ListItem","position":1,"name":"Dom\u016f","item":"https:\/\/modrysalon.cz\/aktualne\/"},{"@type":"ListItem","position":2,"name":"O N\u00c1S"}]},{"@type":"WebSite","@id":"https:\/\/modrysalon.cz\/aktualne\/#website","url":"https:\/\/modrysalon.cz\/aktualne\/","name":"Modr\u00fd salon","description":"Ji\u017en\u00ed 251, Jablonec nad Nisou - Kokon\u00edn","potentialAction":[{"@type":"SearchAction","target":{"@type":"EntryPoint","urlTemplate":"https:\/\/modrysalon.cz\/aktualne\/?s={search_term_string}"},"query-input":{"@type":"PropertyValueSpecification","valueRequired":true,"valueName":"search_term_string"}}],"inLanguage":"cs"}]}},"jetpack_sharing_enabled":true,"_links":{"self":[{"href":"https:\/\/modrysalon.cz\/aktualne\/wp-json\/wp\/v2\/pages\/309","targetHints":{"allow":["GET"]}}],"collection":[{"href":"https:\/\/modrysalon.cz\/aktualne\/wp-json\/wp\/v2\/pages"}],"about":[{"href":"https:\/\/modrysalon.cz\/aktualne\/wp-json\/wp\/v2\/types\/page"}],"author":[{"embeddable":true,"href":"https:\/\/modrysalon.cz\/aktualne\/wp-json\/wp\/v2\/users\/1"}],"replies":[{"embeddable":true,"href":"https:\/\/modrysalon.cz\/aktualne\/wp-json\/wp\/v2\/comments?post=309"}],"version-history":[{"count":6,"href":"https:\/\/modrysalon.cz\/aktualne\/wp-json\/wp\/v2\/pages\/309\/revisions"}],"predecessor-version":[{"id":552,"href":"https:\/\/modrysalon.cz\/aktualne\/wp-json\/wp\/v2\/pages\/309\/revisions\/552"}],"wp:attachment":[{"href":"https:\/\/modrysalon.cz\/aktualne\/wp-json\/wp\/v2\/media?parent=309"}],"curies":[{"name":"wp","href":"https:\/\/api.w.org\/{rel}","templated":true}]}}